{"id":1340,"date":"2019-04-04T09:37:47","date_gmt":"2019-04-04T08:37:47","guid":{"rendered":"http:\/\/www.seglergemeinschaft.at\/?page_id=1340"},"modified":"2026-04-24T11:32:54","modified_gmt":"2026-04-24T10:32:54","slug":"one-page-express","status":"publish","type":"page","link":"https:\/\/www.seglergemeinschaft.at\/","title":{"rendered":"Front Page"},"content":{"rendered":"<div  id=\"overlapable-2\" class=\"features-coloured-icon-boxes-section stripped-coloured-icon-boxes\" style=\"background-color: #ffffff;\" data-label=\"Overlapable\" data-id=\"stripped-coloured-icon-boxes\" data-category=\"overlapable\" data-overlap=\"true\">\n<div  class=\"gridContainer\">\n<div  class=\"features-coloured-icon-boxes-innerrow flexbox-list dark-text\" data-type=\"row\">\n<div  class=\"features-coloured-icon-boxes-featurecol cp3cols\">\n<h4  class=\"\">\u00dcber uns<\/h4>\n<a  class=\"features-coloured-button\" href=\"https:\/\/www.seglergemeinschaft.at?page_id=15\" target=\"_self\" rel=\"noopener noreferrer\">mehr erfahren<\/a>\n\n<\/div>\n<div  class=\"features-coloured-icon-boxes-featurecol cp3cols\">\n<h4  class=\"\">Veranstaltungen<\/h4>\n<a  class=\"features-coloured-button\" href=\"https:\/\/www.seglergemeinschaft.at?page_id=24\" target=\"_self\" rel=\"noopener noreferrer\">mehr erfahren<\/a>\n\n<\/div>\n<div  class=\"features-coloured-icon-boxes-featurecol cp3cols\">\n<h4  class=\"\">Aktuelles<\/h4>\n<i  class=\"fa cp-icon fa1 fa-bolt\" data-reiki-hidden=\"true\"><\/i><a  class=\"features-coloured-button\" href=\"https:\/\/www.seglergemeinschaft.at?page_id=32\" target=\"_self\" rel=\"noopener noreferrer\">mehr erfahren<\/a>\n\n<\/div>\n<div  class=\"features-coloured-icon-boxes-featurecol cp3cols\">\n<h4  class=\"\">Unser Heimathafen<\/h4>\n<a  class=\"features-coloured-button\" href=\"https:\/\/www.seglergemeinschaft.at?page_id=1402(%C3%B6ffnet%2Bin%2Bneuem%2BTab)\" target=\"_self\" rel=\"noopener noreferrer\">mehr erfahren<\/a>\n\n<\/div>\n<\/div>\n<\/div>\n<\/div><div  id=\"about-1\" class=\"about-big-images-section\" style=\"background-color: #f6f6f6;\" data-label=\"About\" data-id=\"about-big-images-section\" data-category=\"about\">\n<div >\n<div  class=\"about-big-images-textrow\">\n<div  class=\"about-big-images-textcol dynamic-color\" data-type=\"column\">\n<h3  class=\"\">Willkommen bei der Seglergemeinschaft Breitenbrunn<\/h3>\nDie Seglergemeinschaft Breitenbrunn ist die Interessensgemeinschaft der Segler und E-Bootfahrer im Hafen von Breitenbrunn. Sie wurde im Jahr 1979 gegr\u00fcndet um die Kontakte der Segler zum Betreiber der Hafenanlagen zu verbessern.\n\nSportliche Veranstaltungen \u2013 sofern es der Wasserstand zul\u00e4sst \u2013 wie gemeinsames An- und Absegeln, Match Race, Langstreckenregatta und eine Wanderfahrt geh\u00f6ren zum Programm wie die anschlie\u00dfenden gem\u00fctlichen Abende mit den Seglerfreunden. F\u00fcr Kinder und Jugendliche, deren Eltern oder Gro\u00dfeltern bei der Seglergemeinschaft sind, gibt es Zusch\u00fcsse und Sonderkonditionen, wenn sie den Segelschein (Grundschein) machen.\n<div  class=\"\">F\u00fcr weitere Informationen wenden Sie sich bitte an<\/div>\n<div  class=\"\"><img  decoding=\"async\" src=\"https:\/\/www.seglergemeinschaft.at\/wp-content\/uploads\/2012\/04\/SBb-mit-HP-Hintergrundfarbe.jpg\"><\/div>\n<div  class=\"\">Seglergemeinschaft Breitenbrunn<\/div>\n<div  class=\"\">Obfrau Barbara Schr\u00f6ding<\/div>\n<div  class=\"\">E-Mail: sbb@seglergemeinschaft.at<\/div>\n<div  class=\"\"><\/div>\n<\/div>\n<\/div>\n<\/div>\n<div  class=\"about-big-images-bottomrow\">\n<div  class=\"about-big-images-leftimgcol\"><img  decoding=\"async\" class=\"about-big-images-leftimg\" src=\"https:\/\/www.seglergemeinschaft.at\/wp-content\/uploads\/2021\/06\/photo_2021-06-22_20-02-13.jpg\" alt=\"\"><\/div>\n<div  class=\"about-big-images-centerimgcol\"><img  decoding=\"async\" class=\"about-big-images-centerimg\" src=\"https:\/\/www.seglergemeinschaft.at\/wp-content\/uploads\/2021\/06\/photo_2021-06-19_18-40-07.jpg\" alt=\"\"><\/div>\n<div  class=\"about-big-images-rightimgcol\"><img  decoding=\"async\" class=\"about-big-images-rightimg\" src=\"https:\/\/www.seglergemeinschaft.at\/wp-content\/uploads\/2019\/03\/flagge-klein_quadrat.png\"><\/div>\n<\/div>\n<\/div><div  id=\"team-1\" class=\"team-colors-section\" style=\"background-color: #ffffff;\" data-label=\"Team\" data-id=\"team-colors-section\" data-category=\"team\">\n<div  class=\"gridContainer\">\n<div  class=\"team-colors-textcol dynamic-color\">\n<h2 >Unser Team<\/h2>\nUnser Verein lebt von seinen Mitgliedern und deren Gemeinschaft.\n\nF\u00fcr die Organisation, die Observation der Steganlagen und den Kontakt zum Betreibers des Seebades stellt sich hier unser Vorstand vor:\n\n<\/div>\n<div  class=\"team-colors-membersrow dark-text\" data-type=\"row\">\n<div  class=\"team-colors-membercol cp3cols cp6cols-tablet\">\n<div  class=\"team-colors-membercard\">\n<div  class=\"team-colors-background\"><\/div>\n<div  class=\"team-colors-memberinfo\" data-type=\"column\"><img  decoding=\"async\" class=\"team-colors-memberimg\" src=\"https:\/\/www.seglergemeinschaft.at\/wp-content\/uploads\/2022\/09\/Barbara2.png\" alt=\"\" data-size=\"500x500\">\n<h4  class=\"team-colors-membername\">Obfrau<\/h4>\n<p  class=\"team-colors-memberposition\">Barbara Schr\u00f6ding<\/p>\n\n\n<hr  class=\"team-colors-separator\">\n\n<\/div>\n<div  class=\"team-colors-membericons\" data-type=\"group\"><\/div>\n<\/div>\n<\/div>\n<div  class=\"team-colors-membercol cp3cols cp6cols-tablet\">\n<div  class=\"team-colors-membercard\">\n<div  class=\"team-colors-background\"><\/div>\n<div  class=\"team-colors-memberinfo\" data-type=\"column\"><img  decoding=\"async\" class=\"team-colors-memberimg\" src=\"https:\/\/www.seglergemeinschaft.at\/wp-content\/uploads\/2022\/01\/cropped-Volker.jpg\" alt=\"\" data-size=\"500x500\">\n<h4  class=\"team-colors-membername\">Obfrau Stv. &amp;<\/h4>\nStegwart\n<p  class=\"team-colors-memberposition\">Volker Nagy<\/p>\n\n\n<hr  class=\"team-colors-separator\">\n\n<\/div>\n<div  class=\"team-colors-membericons\" data-type=\"group\"><\/div>\n<\/div>\n<\/div>\n<div  class=\"team-colors-membercol cp3cols cp6cols-tablet\">\n<div  class=\"team-colors-membercard\">\n<div  class=\"team-colors-background\"><\/div>\n<div  class=\"team-colors-memberinfo\" data-type=\"column\"><img  decoding=\"async\" class=\"team-colors-memberimg\" src=\"https:\/\/www.seglergemeinschaft.at\/wp-content\/uploads\/2020\/07\/cropped-cropped-Stefan-2-scaled-1.jpg\" alt=\"\" data-size=\"500x500\">\n<h4  class=\"team-colors-membername\">Kassier<\/h4>\n<p  class=\"team-colors-memberposition\">Stefan Leitner<\/p>\n\n\n<hr  class=\"team-colors-separator\">\n\n<\/div>\n<div  class=\"team-colors-membericons\" data-type=\"group\"><\/div>\n<\/div>\n<\/div>\n<div  class=\"team-colors-membercol cp3cols cp6cols-tablet\">\n<div  class=\"team-colors-membercard\">\n<div  class=\"team-colors-background\"><\/div>\n<div  class=\"team-colors-memberinfo\" data-type=\"column\"><img  decoding=\"async\" class=\"team-colors-memberimg\" src=\"https:\/\/www.seglergemeinschaft.at\/wp-content\/uploads\/2026\/04\/cropped-photo_2026-04-24_12-24-23.jpg\" alt=\"\" data-size=\"500x500\">\n<h4  class=\"team-colors-membername\">Kassier Stv.<\/h4>\n<p  class=\"team-colors-memberposition\">Markus Wei\u00df<\/p>\n\n\n<hr  class=\"team-colors-separator\">\n\n<\/div>\n<div  class=\"team-colors-membericons\" data-type=\"group\"><\/div>\n<\/div>\n<\/div>\n<div  class=\"team-colors-membercol cp3cols cp6cols-tablet\">\n<div  class=\"team-colors-membercard\">\n<div  class=\"team-colors-background\"><\/div>\n<div  class=\"team-colors-memberinfo\" data-type=\"column\"><img  decoding=\"async\" class=\"team-colors-memberimg\" src=\"https:\/\/www.seglergemeinschaft.at\/wp-content\/uploads\/2022\/01\/cropped-Joschi.jpg\" alt=\"\" data-size=\"500x500\">\n<h4  class=\"team-colors-membername\">Zeugwart<\/h4>\n<p  class=\"team-colors-memberposition\">Josef Nagy<\/p>\n\n\n<hr  class=\"team-colors-separator\">\n\n<\/div>\n<div  class=\"team-colors-membericons\" data-type=\"group\"><\/div>\n<\/div>\n<\/div>\n<div  class=\"team-colors-membercol cp3cols cp6cols-tablet\">\n<div  class=\"team-colors-membercard\">\n<div  class=\"team-colors-background\"><\/div>\n<div  class=\"team-colors-memberinfo\" data-type=\"column\"><img  decoding=\"async\" class=\"team-colors-memberimg\" src=\"https:\/\/www.seglergemeinschaft.at\/wp-content\/uploads\/2022\/01\/cropped-cropped-Unbenannt2-1.png\" alt=\"\" data-size=\"500x500\">\n<h4  class=\"team-colors-membername\">Schriftf\u00fchrerin<\/h4>\n<p  class=\"team-colors-memberposition\">Margit Leitner<\/p>\n\n\n<hr  class=\"team-colors-separator\">\n\n<\/div>\n<div  class=\"team-colors-membericons\" data-type=\"group\"><\/div>\n<\/div>\n<\/div>\n<div  class=\"team-colors-membercol cp3cols cp6cols-tablet\">\n<div  class=\"team-colors-membercard\">\n<div  class=\"team-colors-background\"><\/div>\n<div  class=\"team-colors-memberinfo\" data-type=\"column\"><img  decoding=\"async\" class=\"team-colors-memberimg\" src=\"https:\/\/www.seglergemeinschaft.at\/wp-content\/uploads\/2026\/04\/cropped-photo_2026-04-24_12-24-19.jpg\" alt=\"\" data-size=\"500x500\">\n<h4  class=\"team-colors-membername\">Schriftf\u00fchrerin Stv.<\/h4>\n<p  class=\"team-colors-memberposition\">Susanne Berger <\/p>\n\n\n<hr  class=\"team-colors-separator\">\n\n<\/div>\n<div  class=\"team-colors-membericons\" data-type=\"group\"><\/div>\n<\/div>\n<\/div>\n<div  class=\"team-colors-membercol cp3cols cp6cols-tablet\">\n<div  class=\"team-colors-membercard\">\n<div  class=\"team-colors-background\"><\/div>\n<div  class=\"team-colors-memberinfo\" data-type=\"column\"><img  decoding=\"async\" class=\"team-colors-memberimg\" src=\"https:\/\/www.seglergemeinschaft.at\/wp-content\/uploads\/2019\/03\/cropped-Passfoto-Michael-3.jpg\" alt=\"\" data-size=\"500x500\">\n<h4  class=\"team-colors-membername\">Kassapr\u00fcfer<\/h4>\n<p  class=\"team-colors-memberposition\">Michael Grieszbach<\/p>\n\n\n<hr  class=\"team-colors-separator\">\n\n<\/div>\n<div  class=\"team-colors-membericons\" data-type=\"group\"><\/div>\n<\/div>\n<\/div>\n<div  class=\"team-colors-membercol cp3cols cp6cols-tablet\">\n<div  class=\"team-colors-membercard\">\n<div  class=\"team-colors-background\"><\/div>\n<div  class=\"team-colors-memberinfo\" data-type=\"column\"><img  decoding=\"async\" class=\"team-colors-memberimg\" src=\"https:\/\/www.seglergemeinschaft.at\/wp-content\/uploads\/2026\/04\/cropped-photo_2026-04-24_12-24-21.jpg\" alt=\"\" data-size=\"500x500\">\n<h4  class=\"team-colors-membername\">Kassapr\u00fcfer Stv.<\/h4>\n<p  class=\"team-colors-memberposition\">Paul Laister<\/p>\n\n\n<hr  class=\"team-colors-separator\">\n\n<\/div>\n<div  class=\"team-colors-membericons\" data-type=\"group\"><\/div>\n<\/div>\n<\/div>\n<div  class=\"team-colors-membercol cp3cols cp6cols-tablet\">\n<div  class=\"team-colors-membercard\">\n<div  class=\"team-colors-background\"><\/div>\n<div  class=\"team-colors-memberinfo\" data-type=\"column\"><img  decoding=\"async\" class=\"team-colors-memberimg\" src=\"https:\/\/www.seglergemeinschaft.at\/wp-content\/uploads\/2019\/03\/cropped-Erich-K-3.jpg\" alt=\"\" data-size=\"500x500\">\n<h4  class=\"team-colors-membername\">Stegwart<\/h4>\n<p  class=\"team-colors-memberposition\">Erich Kornhofer<\/p>\n\n\n<hr  class=\"team-colors-separator\">\n\n<\/div>\n<div  class=\"team-colors-membericons\" data-type=\"group\"><\/div>\n<\/div>\n<\/div>\n<div  class=\"team-colors-membercol cp3cols cp6cols-tablet\">\n<div  class=\"team-colors-membercard\">\n<div  class=\"team-colors-background\"><\/div>\n<div  class=\"team-colors-memberinfo\" data-type=\"column\"><img  decoding=\"async\" class=\"team-colors-memberimg\" src=\"https:\/\/www.seglergemeinschaft.at\/wp-content\/uploads\/2022\/02\/cropped-schroeding-christian.jpg\" alt=\"\" data-size=\"500x500\">\n<h4  class=\"team-colors-membername\">Stegwart<\/h4>\n<p  class=\"team-colors-memberposition\">Christian Schr\u00f6ding<\/p>\n\n\n<hr  class=\"team-colors-separator\">\n\n<\/div>\n<div  class=\"team-colors-membericons\" data-type=\"group\"><\/div>\n<\/div>\n<\/div>\n<div  class=\"team-colors-membercol cp3cols cp6cols-tablet\">\n<div  class=\"team-colors-membercard\">\n<div  class=\"team-colors-background\"><\/div>\n<div  class=\"team-colors-memberinfo\" data-type=\"column\"><img  decoding=\"async\" class=\"team-colors-memberimg\" src=\"https:\/\/www.seglergemeinschaft.at\/wp-content\/uploads\/2020\/07\/cropped-cropped-photo_2020-07-08_13-15-01.jpg\" alt=\"\" data-size=\"500x500\">\n<h4  class=\"team-colors-membername\">Stegwart<\/h4>\n<p  class=\"team-colors-memberposition\">Peter Scheit<\/p>\n\n\n<hr  class=\"team-colors-separator\">\n\n<\/div>\n<div  class=\"team-colors-membericons\" data-type=\"group\"><\/div>\n<\/div>\n<\/div>\n<div  class=\"team-colors-membercol cp3cols cp6cols-tablet\">\n<div  class=\"team-colors-membercard\">\n<div  class=\"team-colors-background\"><\/div>\n<div  class=\"team-colors-memberinfo\" data-type=\"column\"><img  decoding=\"async\" class=\"team-colors-memberimg\" src=\"https:\/\/www.seglergemeinschaft.at\/wp-content\/uploads\/2019\/03\/cropped-cropped-10307424_10201936493162656_624599474784818474_n-5.jpg\" alt=\"\" data-size=\"500x500\">\n<h4  class=\"team-colors-membername\">Website<\/h4>\n<p  class=\"team-colors-memberposition\">Melanie&nbsp; \n<br >Laister-Petz<\/p>\n\n\n<hr  class=\"team-colors-separator\">\n\n<\/div>\n<div  class=\"team-colors-membericons\" data-type=\"group\"><\/div>\n<\/div>\n<\/div><div  class=\"team-colors-membercol cp3cols cp6cols-tablet\">\n<div  class=\"team-colors-membercard\">\n<div  class=\"team-colors-background\"><\/div>\n<div  class=\"team-colors-memberinfo\" data-type=\"column\"><img  decoding=\"async\" class=\"team-colors-memberimg\" src=\"https:\/\/www.seglergemeinschaft.at\/wp-content\/uploads\/2019\/04\/cropped-cropped-cropped-flagge-klein_quadrat_Logo-HP.png\" alt=\"\" data-size=\"500x500\">\n<h4  class=\"team-colors-membername\">Merchandise<\/h4>\n<p  class=\"team-colors-memberposition\">Martina Laister<\/p>\n\n\n<hr  class=\"team-colors-separator\">\n\n<\/div>\n<div  class=\"team-colors-membericons\" data-type=\"group\"><\/div>\n<\/div>\n<\/div><\/div>\n<\/div>\n<\/div><div  id=\"numbers\" class=\"numbers-section\" style=\"background-image: url('https:\/\/www.seglergemeinschaft.at\/wp-content\/uploads\/2011\/01\/IMG-20150425-WA0000.jpg'); background-size: auto 965px; background-repeat: no-repeat; background-position: center top 103.591%;\" data-label=\"Numbers\" data-id=\"numbers-section\" data-category=\"numbers\" data-parallax-depth=\"20\" data-bg=\"transparent\">\n<div  class=\"dynamic-color gridContainer\">\n<div  class=\"numbers-itemcol\">\n<h2  class=\"numbers-numbertext\">205<\/h2>\n<h3  class=\"numbers-titletext\">Mitglieder<\/h3>\n<\/div>\n<div  class=\"numbers-itemcol\">\n<h2  class=\"numbers-numbertext\">150<\/h2>\n<h3  class=\"numbers-titletext\">Boote<\/h3>\n<\/div>\n<div  class=\"numbers-itemcol-last\">\n<h2  class=\"numbers-numbertext\">1<\/h2>\n<h3  class=\"numbers-titletext\">Leidenschaft<\/h3>\n<\/div>\n<\/div>\n<\/div>","protected":false},"excerpt":{"rendered":"<p>\u00dcber uns mehr erfahren Veranstaltungen mehr erfahren Aktuelles mehr erfahren Unser Heimathafen mehr erfahren Willkommen bei der Seglergemeinschaft Breitenbrunn Die Seglergemeinschaft Breitenbrunn ist die Interessensgemeinschaft der Segler und E-Bootfahrer im Hafen von Breitenbrunn. Sie wurde im Jahr 1979 gegr\u00fcndet um die Kontakte der Segler zum Betreiber der Hafenanlagen zu verbessern. Sportliche Veranstaltungen \u2013 sofern es&hellip; <br \/> <a class=\"button small blue\" href=\"https:\/\/www.seglergemeinschaft.at\/\">Weiterlesen<\/a><\/p>\n","protected":false},"author":4,"featured_media":0,"parent":0,"menu_order":0,"comment_status":"closed","ping_status":"closed","template":"","meta":{"footnotes":""},"class_list":["post-1340","page","type-page","status-publish","hentry"],"_links":{"self":[{"href":"https:\/\/www.seglergemeinschaft.at\/index.php?rest_route=\/wp\/v2\/pages\/1340","targetHints":{"allow":["GET"]}}],"collection":[{"href":"https:\/\/www.seglergemeinschaft.at\/index.php?rest_route=\/wp\/v2\/pages"}],"about":[{"href":"https:\/\/www.seglergemeinschaft.at\/index.php?rest_route=\/wp\/v2\/types\/page"}],"author":[{"embeddable":true,"href":"https:\/\/www.seglergemeinschaft.at\/index.php?rest_route=\/wp\/v2\/users\/4"}],"replies":[{"embeddable":true,"href":"https:\/\/www.seglergemeinschaft.at\/index.php?rest_route=%2Fwp%2Fv2%2Fcomments&post=1340"}],"version-history":[{"count":60,"href":"https:\/\/www.seglergemeinschaft.at\/index.php?rest_route=\/wp\/v2\/pages\/1340\/revisions"}],"predecessor-version":[{"id":1901,"href":"https:\/\/www.seglergemeinschaft.at\/index.php?rest_route=\/wp\/v2\/pages\/1340\/revisions\/1901"}],"wp:attachment":[{"href":"https:\/\/www.seglergemeinschaft.at\/index.php?rest_route=%2Fwp%2Fv2%2Fmedia&parent=1340"}],"curies":[{"name":"wp","href":"https:\/\/api.w.org\/{rel}","templated":true}]}}